{"id":38310,"date":"2024-09-07T13:58:14","date_gmt":"2024-09-07T11:58:14","guid":{"rendered":"https:\/\/shapeyourfuturelife.org\/?post_type=team&#038;p=38310"},"modified":"2024-09-09T14:41:17","modified_gmt":"2024-09-09T12:41:17","slug":"jacob-staehelin","status":"publish","type":"team","link":"https:\/\/shapeyourfuturelife.org\/da\/team\/jacob-staehelin\/","title":{"rendered":"Jacob Staehelin"},"content":{"rendered":"<p>Jeg er uddannet journalist og har i de seneste 25 \u00e5r arbejdet i b\u00e5de store medieorganisationer, v\u00e6ret selvst\u00e6ndig og besk\u00e6ftiget mig med en lang r\u00e6kke journalistiske nicher.<\/p>\n<p>Jeg var i en lang \u00e5rr\u00e6kke redakt\u00f8r for Berlingske og B.T.s samlede sportsredaktion, hvor jeg is\u00e6r besk\u00e6ftigede mig med cykelsport, s\u00e5 jeg brugte 10 somre p\u00e5 at f\u00f8lge Tour de France-feltet rundt p\u00e5 de franske landeveje. Jeg har ogs\u00e5 stiftet et podcast-bureau, lavet TV p\u00e5 Discovery og v\u00e6ret kommunikationsr\u00e5dgiver p\u00e5 et PR-bureau.<\/p>\n<p>I dag er jeg selvst\u00e6ndig r\u00e5dgiver og journalist med b\u00e5de store private og offentlige kunder. Det er al den erfaring, jeg tr\u00e6kker med ind i SHAPE.<\/p>\n<p>Min rolle er at skabe en mediem\u00e6ssig opm\u00e6rksomhed om hele projektet \u2013 b\u00e5de i Danmark og internationalt. Og jeg gl\u00e6der mig til at s\u00e6tte alle mine faglige kompetencer i spil for en vision, jeg tror p\u00e5. Jeg ved, hvordan man fort\u00e6ller historier \u2013 og jeg ved, hvordan de historier kommer i medierne. Det bliver min fornemste opgave for SHAPE.<\/p>\n<p>Jeg er selv i begyndelsen af min rejse med SHAPE og er p\u00e5 den m\u00e5de ogs\u00e5 en repr\u00e6sentant for langt de fleste nuv\u00e6rende og kommende medlemmer af det univers, vi er i f\u00e6rd med at opbygge. Jeg er selv s\u00f8gende, men ved ogs\u00e5 intuitivt, at SHAPE bygger p\u00e5 de rette elementer i vores f\u00e6lles bestr\u00e6belse p\u00e5 b\u00e5de at blive lykkeligere som individer og p\u00e5 samme tid give en bedre klode videre til vores b\u00f8rn.<\/p>\n<p>Jeg er opt\u00e6ndt af lysten til at g\u00f8re en forskel. For mig selv og for mine omgivelser. Det er derfor, jeg er s\u00e5 glad for at v\u00e6re blevet en del af SHAPE-familien. Jeg har viljen og evnerne til at kunne g\u00f8re en forskel. Pr\u00e6cis som alle andre, der har lyst til at v\u00e6re en del af et opg\u00f8r med m\u00e5den, vi behandler os selv, dyr, jord og hele planeten.<\/p>\n","protected":false},"excerpt":{"rendered":"<p>PR- og Kommunikationschef<\/p>\n","protected":false},"featured_media":38311,"template":"","team-categori":[2994],"class_list":["post-38310","team","type-team","status-publish","has-post-thumbnail","hentry","team-categori-shape-team"],"blocksy_meta":[],"_links":{"self":[{"href":"https:\/\/shapeyourfuturelife.org\/da\/wp-json\/wp\/v2\/team\/38310","targetHints":{"allow":["GET"]}}],"collection":[{"href":"https:\/\/shapeyourfuturelife.org\/da\/wp-json\/wp\/v2\/team"}],"about":[{"href":"https:\/\/shapeyourfuturelife.org\/da\/wp-json\/wp\/v2\/types\/team"}],"wp:featuredmedia":[{"embeddable":true,"href":"https:\/\/shapeyourfuturelife.org\/da\/wp-json\/wp\/v2\/media\/38311"}],"wp:attachment":[{"href":"https:\/\/shapeyourfuturelife.org\/da\/wp-json\/wp\/v2\/media?parent=38310"}],"wp:term":[{"taxonomy":"team-categori","embeddable":true,"href":"https:\/\/shapeyourfuturelife.org\/da\/wp-json\/wp\/v2\/team-categori?post=38310"}],"curies":[{"name":"wp","href":"https:\/\/api.w.org\/{rel}","templated":true}]}}